{"id":1183,"date":"2026-08-11T17:51:54","date_gmt":"2026-08-11T17:51:54","guid":{"rendered":"https:\/\/kildere.com.br\/arq\/?page_id=1183"},"modified":"2026-08-17T02:14:35","modified_gmt":"2026-08-17T02:14:35","slug":"autocad","status":"publish","type":"page","link":"https:\/\/kildere.com.br\/arq\/autocad\/","title":{"rendered":"Curso de AutoCAD 2D"},"content":{"rendered":"\n<h3 class=\"wp-block-heading\">Curso<\/h3>\n\n\n\n<h2 class=\"wp-block-heading\">AutoCAD 2D<\/h2>\n\n\n\n<p class=\"wp-block-paragraph\">Curso Pr\u00e1tico que voc\u00ea aprender\u00e1 elaborar desenhos t\u00e9cnicos.<\/p>\n\n\n\n<p class=\"wp-block-paragraph\">Principais assuntos:<\/p>\n\n\n\n<ol class=\"wp-block-list\">\n<li>Representa\u00e7\u00e3o t\u00e9cnica<\/li>\n\n\n\n<li>Escalas<\/li>\n\n\n\n<li>Estilos<\/li>\n\n\n\n<li>Pranchas<\/li>\n<\/ol>\n\n\n\n<p class=\"wp-block-paragraph\"><\/p>\n\n\n\n<blockquote class=\"wp-block-quote is-layout-flow wp-block-quote-is-layout-flow\">\n<p class=\"wp-block-paragraph\">Curso somente para quem deseja atuar como Profissional em elabora\u00e7\u00e3o de Desenhos T\u00e9cnicos.<\/p>\n\n\n\n<p class=\"wp-block-paragraph\">\u00danico que voc\u00ea ter\u00e1 tira d\u00favidas p\u00f3s curso sem custos adicionais<\/p>\n<\/blockquote>\n\n\n\n<p class=\"wp-block-paragraph\">Ao fazer o curso \u00e9 necess\u00e1rio trazer o notebook para realiza\u00e7\u00e3o do mesmo e j\u00e1 ter instalado o programa Autodesk AutoCAD.<\/p>\n\n\n\n<p class=\"wp-block-paragraph\"><\/p>\n\n\n\n\n\n<ol start=\"1\" class=\"wp-block-list\">\n<li>Legisla\u00e7\u00e3o, Normas e Procedimentos para Aprova\u00e7\u00e3o de Projetos<\/li>\n\n\n\n<li>Explorando a interface do usu\u00e1rio<\/li>\n\n\n\n<li>Desenhos de figuras geom\u00e9tricas<\/li>\n\n\n\n<li>Layers<\/li>\n\n\n\n<li>Anota\u00e7\u00f5es<\/li>\n\n\n\n<li>Textos<\/li>\n\n\n\n<li>Cotas<\/li>\n\n\n\n<li>Hachuras<\/li>\n\n\n\n<li>Blocos<\/li>\n\n\n\n<li>Plantas dos pavimentos<\/li>\n\n\n\n<li>Cortes<\/li>\n\n\n\n<li>Fachadas<\/li>\n\n\n\n<li>Planta de Cobertura<\/li>\n\n\n\n<li>Estilos de Vistas para Objetos<\/li>\n\n\n\n<li>Cria\u00e7\u00e3o das Pranchas<\/li>\n\n\n\n<li>Cria\u00e7\u00e3o de Carimbos<\/li>\n\n\n\n<li>Uso de Escala<\/li>\n\n\n\n<li>Exporta\u00e7\u00e3o e importa\u00e7\u00e3o<\/li>\n\n\n\n<li>Impress\u00e3o\/Plotagem<\/li>\n<\/ol>\n\n\n\n\n\n<p class=\"wp-block-paragraph\">24 horas totais<br>12 horas de aulas e mais 12 horas de tira-d\u00favidas p\u00f3s-curso<\/p>\n\n\n\n\n\n\n\n<p class=\"wp-block-paragraph\"><strong>R$ 850,00.<\/strong> Parcelado no cart\u00e3o de cr\u00e9dito em at\u00e9 04 vezes sem juros<\/p>\n\n\n\n<p class=\"wp-block-paragraph\"><strong>R$ 750,00.<\/strong> Para pagamento a vista via PIX<\/p>\n\n\n\n<p class=\"wp-block-paragraph\"><strong>PAGAMENTO A VISTA<\/strong><br><strong>PIX CNPJ:<\/strong> 15.620.843\/0001-68<\/p>\n\n\n\n\n\n<p class=\"wp-block-paragraph\">1 \u2013 Ter conhecimentos de inform\u00e1tica B\u00e1sica<\/p>\n\n\n\n<p class=\"wp-block-paragraph\">2 \u2013 Tenha objetivo de atuar na \u00e1rea de Elabora\u00e7\u00e3o de Projetos para Constru\u00e7\u00e3o Civil<\/p>\n\n\n\n\n\n\n\n<p class=\"wp-block-paragraph\">Somente aos S\u00e1bados, 14h \u00e0s 17h<br>Inicia: 12 de SETEMBRO de 2026<br>Finaliza: 03 de OUTUBRO de 2026<\/p>\n\n\n\n<p class=\"wp-block-paragraph\"><a href=\"https:\/\/cielolink.com.br\/4x8Tv1e\" data-type=\"link\" data-id=\"https:\/\/cielolink.com.br\/4x8Tv1e\" target=\"_blank\" rel=\"noreferrer noopener\">Matricular Nesta Turma<\/a><\/p>\n\n\n\n\n\n<p class=\"wp-block-paragraph\"><\/p>\n","protected":false},"excerpt":{"rendered":"<p>Curso AutoCAD 2D Curso Pr\u00e1tico que voc\u00ea aprender\u00e1 elaborar desenhos t\u00e9cnicos. Principais assuntos: Curso somente para quem deseja atuar como Profissional em elabora\u00e7\u00e3o de Desenhos T\u00e9cnicos. \u00danico que voc\u00ea ter\u00e1 tira d\u00favidas p\u00f3s curso sem custos adicionais Ao fazer o curso \u00e9 necess\u00e1rio trazer o notebook para realiza\u00e7\u00e3o do mesmo e j\u00e1 ter instalado o [&hellip;]<\/p>\n","protected":false},"author":1,"featured_media":0,"parent":0,"menu_order":0,"comment_status":"closed","ping_status":"closed","template":"","meta":{"pagelayer_contact_templates":[],"_pagelayer_content":"","footnotes":""},"class_list":["post-1183","page","type-page","status-publish","hentry"],"_links":{"self":[{"href":"https:\/\/kildere.com.br\/arq\/wp-json\/wp\/v2\/pages\/1183","targetHints":{"allow":["GET"]}}],"collection":[{"href":"https:\/\/kildere.com.br\/arq\/wp-json\/wp\/v2\/pages"}],"about":[{"href":"https:\/\/kildere.com.br\/arq\/wp-json\/wp\/v2\/types\/page"}],"author":[{"embeddable":true,"href":"https:\/\/kildere.com.br\/arq\/wp-json\/wp\/v2\/users\/1"}],"replies":[{"embeddable":true,"href":"https:\/\/kildere.com.br\/arq\/wp-json\/wp\/v2\/comments?post=1183"}],"version-history":[{"count":6,"href":"https:\/\/kildere.com.br\/arq\/wp-json\/wp\/v2\/pages\/1183\/revisions"}],"predecessor-version":[{"id":1192,"href":"https:\/\/kildere.com.br\/arq\/wp-json\/wp\/v2\/pages\/1183\/revisions\/1192"}],"wp:attachment":[{"href":"https:\/\/kildere.com.br\/arq\/wp-json\/wp\/v2\/media?parent=1183"}],"curies":[{"name":"wp","href":"https:\/\/api.w.org\/{rel}","templated":true}]}}